{"id":1645,"name":"oglasza-nabor-na-wolne-stanowisko-urzednicze-zastepstwo-w-zwiazku-z-nieobecnoscia-pracownika-samorzadowego-1-etat-w-pelnym-wymiarze-czasu-pracy-w-zespole-ds-zamowien-publicznych-wchodzacym-w-sklad-wydzialu-obslugi-prawnej-i-zamowien-publicznych","title":"OG\u0141ASZA NAB\u00d3R NA WOLNE STANOWISKO URZ\u0118DNICZE - ZAST\u0118PSTWO W ZWI\u0104ZKU Z NIEOBECNO\u015aCI\u0104  PRACOWNIKA SAMORZ\u0104DOWEGO - 1 etat w pe\u0142nym wymiarze czasu pracy - w Zespole ds. Zam\u00f3wie\u0144 Publicznych wchodz\u0105cym w sk\u0142ad Wydzia\u0142u Obs\u0142ugi Prawnej i Zam\u00f3wie\u0144 Publicznych","desc":"","header":"OG\u0141ASZA NAB\u00d3R NA WOLNE STANOWISKO URZ\u0118DNICZE - ZAST\u0118PSTWO W ZWI\u0104ZKU Z NIEOBECNO\u015aCI\u0104  PRACOWNIKA SAMORZ\u0104DOWEGO - 1 etat w pe\u0142nym wymiarze czasu pracy - w Zespole ds. Zam\u00f3wie\u0144 Publicznych wchodz\u0105cym w sk\u0142ad Wydzia\u0142u Obs\u0142ugi Prawnej i Zam\u00f3wie\u0144 Publicznych","lead":"","keywords":"","changes":"Dodanie nowego artyku\u0142u","menu":"","path":"\/praca-w-wup\/konkursy\/oglasza-nabor-na-wolne-stanowisko-urzednicze-zastepstwo-w-zwiazku-z-nieobecnoscia-pracownika-samorzadowego-1-etat-w-pelnym-wymiarze-czasu-pracy-w-zespole-ds-zamowien-publicznych-wchodzacym-w-sklad-wydzialu-obslugi-prawnej-i-zamowien-publicznych.html","url":"\/praca-w-wup\/konkursy\/oglasza-nabor-na-wolne-stanowisko-urzednicze-zastepstwo-w-zwiazku-z-nieobecnoscia-pracownika-samorzadowego-1-etat-w-pelnym-wymiarze-czasu-pracy-w-zespole-ds-zamowien-publicznych-wchodzacym-w-sklad-wydzialu-obslugi-prawnej-i-zamowien-publicznych.html","infoOwner":"Wojew\u00f3dzki Urz\u0105d Pracy w Katowicach","dateFirstPublicate":"2026-04-22 12:58:33","dateLastVersionPublicate":"2026-04-22 12:58:33","dateAvailableFrom":"","dateAvailableTo":"","type":"jednostki_Nab\u00f3r na stanowiska","pageParams":[{"id":"305","name":"jednostki_tytu\u0142 og\u0142oszenia","description":"Tytu\u0142 og\u0142oszenia","value":"OG\u0141ASZA NAB\u00d3R NA WOLNE STANOWISKO URZ\u0118DNICZE - ZAST\u0118PSTWO W ZWI\u0104ZKU Z NIEOBECNO\u015aCI\u0104  PRACOWNIKA SAMORZ\u0104DOWEGO - 1 etat w pe\u0142nym wymiarze czasu pracy - w Zespole ds. Zam\u00f3wie\u0144 Publicznych wchodz\u0105cym w sk\u0142ad Wydzia\u0142u Obs\u0142ugi Prawnej i Zam\u00f3wie\u0144 Publicznych"},{"id":"306","name":"jednostki_data og\u0142oszenia","description":"Data og\u0142oszenia","value":"2026-04-22"},{"id":"308","name":"jednostki_status og\u0142oszenia","description":"Status og\u0142oszenia","value":"58750"},{"id":"311","name":"JEDNOSTKI_TYP_STANOWISKA","description":"Typ stanowiska","value":"66317"}],"components":[{"id":"93bb94fe-7312-11e9-90c1-000c290e6fc2","type":"SectionDescription","name":"","description":"Zajawka sekcji","content":[]},{"id":"93bbe8e3-7312-11e9-90c1-000c290e6fc2","type":"PageTitle","name":"Tytu\u0142 strony","description":"Tytu\u0142 strony","content":{"title":"OG\u0141ASZA NAB\u00d3R NA WOLNE STANOWISKO URZ\u0118DNICZE - ZAST\u0118PSTWO W ZWI\u0104ZKU Z NIEOBECNO\u015aCI\u0104  PRACOWNIKA SAMORZ\u0104DOWEGO - 1 etat w pe\u0142nym wymiarze czasu pracy - w Zespole ds. Zam\u00f3wie\u0144 Publicznych wchodz\u0105cym w sk\u0142ad Wydzia\u0142u Obs\u0142ugi Prawnej i Zam\u00f3wie\u0144 Publicznych"}},{"id":"93bc435c-7312-11e9-90c1-000c290e6fc2","type":"PageDescription","name":"","description":"Zajawka strony","content":[]},{"id":"93bcef8e-7312-11e9-90c1-000c290e6fc2","type":"ContentWYSIWYG","name":"Tre\u015b\u0107","description":"Tre\u015b\u0107 strony","content":{"content":"\u003Cp\u003E\u003Cstrong\u003EWojew\u00f3dzki Urz\u0105d Pracy w Katowicach\u003C\/strong\u003E\u003C\/p\u003E\n\u003Cp\u003E\u003Cstrong\u003Eul. Sokolska 29\u003C\/strong\u003E\u003C\/p\u003E\n\u003Cp\u003E\u003Cstrong\u003E40-086 Katowice\u003C\/strong\u003E\u003C\/p\u003E\n\u003Cp\u003E\u003Cstrong\u003E\u00a0\u003C\/strong\u003E\u003C\/p\u003E\n\u003Cp\u003E\u003Cstrong\u003EOG\u0141ASZA NAB\u00d3R NA WOLNE STANOWISKO URZ\u0118DNICZE -\u00a0ZAST\u0118PSTWO W ZWI\u0104ZKU Z NIEOBECNO\u015aCI\u0104 \u00a0PRACOWNIKA\u00a0\u003C\/strong\u003E\u003Cstrong\u003ESAMORZ\u0104DOWEGO\u003C\/strong\u003E\u003C\/p\u003E\n\u003Cp\u003E- 1 etat w pe\u0142nym wymiarze czasu pracy -\u003C\/p\u003E\n\u003Cp\u003E\u003Cstrong\u003E\u00a0\u003C\/strong\u003E\u003Cstrong\u003Ew \u003C\/strong\u003E\u003Cstrong\u003EZespole ds. Zam\u00f3wie\u0144 Publicznych\u00a0\u003C\/strong\u003E\u003Cstrong\u003Ewchodz\u0105cym w sk\u0142ad \u003C\/strong\u003E\u003Cstrong\u003EWydzia\u0142u Obs\u0142ugi Prawnej i Zam\u00f3wie\u0144 Publicznych\u003C\/strong\u003E\u003C\/p\u003E\n\u003Cp\u003E\u003Cstrong\u003E\u00a0\u003C\/strong\u003E\u003C\/p\u003E\n\u003Col\u003E\n\u003Cli\u003E\u003Cstrong\u003E\u003Cem\u003E \u003C\/em\u003E\u003C\/strong\u003E\u003Cstrong\u003E\u003Cem\u003EWymagania niezb\u0119dne zwi\u0105zane ze stanowiskiem:\u003C\/em\u003E\u003C\/strong\u003E\u003C\/li\u003E\n\u003C\/ol\u003E\n\u003Cul\u003E\n\u003Cli\u003Eobywatelstwo polskie\u003Cem\u003E,\u003C\/em\u003E z zastrze\u017ceniem art. 11 ust. 2 i 3 ustawy z dnia 21 listopada 2008 r. o pracownikach samorz\u0105dowych (t.j. Dz. U. z 2024 r., poz. 1135),\u003C\/li\u003E\n\u003Cli\u003Ewykszta\u0142cenie: wy\u017csze,\u003C\/li\u003E\n\u003Cli\u003Ekierunek studi\u00f3w preferowany \u2013 administracja, zarz\u0105dzanie, ekonomia, prawo,\u003C\/li\u003E\n\u003Cli\u003Esta\u017c pracy: minimum 2 lata,\u003C\/li\u003E\n\u003Cli\u003Eznajomo\u015b\u0107 ustawy z dnia 21 listopada 2008 r. o pracownikach samorz\u0105dowych (t. j. Dz. U. z 2024 r. poz. 1135),\u003C\/li\u003E\n\u003Cli\u003Eznajomo\u015b\u0107 ustawy Prawo zam\u00f3wie\u0144 publicznych,\u003C\/li\u003E\n\u003Cli\u003Eznajomo\u015b\u0107 procedur zwi\u0105zanych z prowadzeniem post\u0119powa\u0144 zgodnie z ustaw\u0105 prawo zam\u00f3wie\u0144 publicznych,\u003C\/li\u003E\n\u003Cli\u003Eznajomo\u015b\u0107 zasad dotycz\u0105cych przeprowadzania zam\u00f3wie\u0144 wsp\u00f3\u0142finansowanych ze \u015brodk\u00f3w unijnych okre\u015blonych w obowi\u0105zuj\u0105cych wytycznych w zakresie kwalifikowania wydatk\u00f3w w perspektywie finansowej 2021\u20132027,\u003C\/li\u003E\n\u003Cli\u003Eznajomo\u015b\u0107 ustawy o rynku pracy i s\u0142u\u017cbach zatrudnienia,\u003C\/li\u003E\n\u003Cli\u003Epe\u0142na zdolno\u015b\u0107 do czynno\u015bci prawnych oraz korzystania z pe\u0142ni praw publicznych,\u003C\/li\u003E\n\u003Cli\u003Eniekaralno\u015b\u0107 za przest\u0119pstwo pope\u0142nione umy\u015blnie \u015bcigane z oskar\u017cenia publicznego lub umy\u015blne przest\u0119pstwo skarbowe.\u003C\/li\u003E\n\u003C\/ul\u003E\n\u003Col start=\u00222\u0022\u003E\n\u003Cli\u003E\u003Cstrong\u003E\u003Cem\u003E \u003C\/em\u003E\u003C\/strong\u003E\u003Cstrong\u003E\u003Cem\u003EWymagania dodatkowe zwi\u0105zane ze stanowiskiem:\u003C\/em\u003E\u003C\/strong\u003E\u003C\/li\u003E\n\u003C\/ol\u003E\n\u003Cul\u003E\n\u003Cli\u003Ewysoka kultura osobista,\u003C\/li\u003E\n\u003Cli\u003Esumienno\u015b\u0107,\u003C\/li\u003E\n\u003Cli\u003Enieposzlakowana opinia,\u003C\/li\u003E\n\u003Cli\u003Eterminowo\u015b\u0107,\u003C\/li\u003E\n\u003Cli\u003Eumiej\u0119tno\u015b\u0107 pracy zar\u00f3wno zespo\u0142owej jak i samodzielnej,\u003C\/li\u003E\n\u003Cli\u003Eumiej\u0119tno\u015b\u0107 sprawnej organizacji w\u0142asnego czasu pracy i ustalania zada\u0144 priorytetowych,\u003C\/li\u003E\n\u003Cli\u003Edyspozycyjno\u015b\u0107,\u003C\/li\u003E\n\u003Cli\u003Eodporno\u015b\u0107 na stres,\u003C\/li\u003E\n\u003Cli\u003Ekomunikatywno\u015b\u0107,\u003C\/li\u003E\n\u003Cli\u003Ezaanga\u017cowanie.\u003C\/li\u003E\n\u003C\/ul\u003E\n\u003Cp\u003E\u003Cstrong\u003E\u003Cem\u003E\u00a0\u003C\/em\u003E\u003C\/strong\u003E\u003C\/p\u003E\n\u003Col start=\u00223\u0022\u003E\n\u003Cli\u003E\u003Cstrong\u003E\u003Cem\u003E \u003C\/em\u003E\u003C\/strong\u003E\u003Cstrong\u003E\u003Cem\u003EZakres wykonywanych zada\u0144:\u003C\/em\u003E\u003C\/strong\u003E\u003C\/li\u003E\n\u003C\/ol\u003E\n\u003Cp\u003EProwadzenie spraw w zakresie procedur udzielania zam\u00f3wie\u0144 publicznych, w szczeg\u00f3lno\u015bci:\u003C\/p\u003E\n\u003Cul\u003E\n\u003Cli\u003Eprowadzenie rejestru post\u0119powa\u0144 o udzielenie zam\u00f3wie\u0144 publicznych w Urz\u0119dzie,\u003C\/li\u003E\n\u003Cli\u003Esporz\u0105dzanie rocznych plan\u00f3w zam\u00f3wie\u0144 publicznych,\u003C\/li\u003E\n\u003Cli\u003Eopiniowanie wniosk\u00f3w odno\u015bnie sposobu prowadzenia post\u0119powa\u0144, w szczeg\u00f3lno\u015bci wyboru trybu zam\u00f3wienia publicznego,\u003C\/li\u003E\n\u003Cli\u003Eprzygotowanie i prowadzenie dokumentacji post\u0119powa\u0144 o udzielenie zam\u00f3wienia,\u003C\/li\u003E\n\u003Cli\u003Erealizacja procedur wynikaj\u0105cych z wewn\u0119trznego Regulaminu udzielania zam\u00f3wie\u0144 publicznych,\u003C\/li\u003E\n\u003Cli\u003Ezamieszczanie og\u0142osze\u0144 o zam\u00f3wieniach publicznych na platformie zakupowej, w Biuletynie Urz\u0119du Zam\u00f3wie\u0144 Publicznych, w Dzienniku Urz\u0119dowym UE,\u003C\/li\u003E\n\u003Cli\u003Ewsp\u00f3\u0142praca w ramach kom\u00f3rek Urz\u0119du oraz z podmiotami zewn\u0119trznymi.\u003C\/li\u003E\n\u003C\/ul\u003E\n\u003Cp\u003E\u00a0\u003C\/p\u003E\n\u003Col start=\u00224\u0022\u003E\n\u003Cli\u003E\u003Cstrong\u003E\u003Cem\u003E \u003C\/em\u003E\u003C\/strong\u003E\u003Cstrong\u003E\u003Cem\u003EInformacja o warunkach pracy na danym stanowisku pracy:\u003C\/em\u003E\u003C\/strong\u003E\u003C\/li\u003E\n\u003C\/ol\u003E\n\u003Cul\u003E\n\u003Cli\u003Epraca administracyjno-biurowa w siedzibie Wojew\u00f3dzkiego Urz\u0119du Pracy w Katowicach,\u003C\/li\u003E\n\u003C\/ul\u003E\n\u003Cul\u003E\n\u003Cli\u003Epraca z monitorem komputerowym powy\u017cej po\u0142owy dobowego wymiaru czasu pracy,\u003C\/li\u003E\n\u003Cli\u003Ewsp\u00f3\u0142praca w ramach kom\u00f3rek Urz\u0119du oraz z podmiotami zewn\u0119trznymi,\u003C\/li\u003E\n\u003Cli\u003Epraca na przedmiotowym stanowisku nie jest nara\u017cona na wyst\u0119powanie uci\u0105\u017cliwych i\u00a0szkodliwych warunk\u00f3w pracy,\u003C\/li\u003E\n\u003Cli\u003Enie istniej\u0105 bariery architektoniczne utrudniaj\u0105ce wykonywanie pracy i dost\u0119pno\u015b\u0107 do\u00a0budynku, do pomieszcze\u0144 biurowych i do pomieszcze\u0144 sanitarnych.\u003C\/li\u003E\n\u003C\/ul\u003E\n\u003Cp\u003E\u00a0\u003C\/p\u003E\n\u003Col start=\u00225\u0022\u003E\n\u003Cli\u003E\u003Cstrong\u003E\u003Cem\u003E \u003C\/em\u003E\u003C\/strong\u003E\u003Cstrong\u003E\u003Cem\u003EWymagane dokumenty:\u003C\/em\u003E\u003C\/strong\u003E\u003C\/li\u003E\n\u003C\/ol\u003E\n\u003Cul\u003E\n\u003Cli\u003ECV,\u003C\/li\u003E\n\u003Cli\u003Elist motywacyjny,\u003C\/li\u003E\n\u003Cli\u003Epodpisany kwestionariusz osobowy dla osoby ubiegaj\u0105cej si\u0119 o zatrudnienie,\u003C\/li\u003E\n\u003Cli\u003Ekopie dokument\u00f3w potwierdzaj\u0105cych posiadane wykszta\u0142cenie, kwalifikacje i sta\u017c pracy stwierdzony \u015bwiadectwem pracy lub za\u015bwiadczeniem o zatrudnieniu, dopuszcza si\u0119 opini\u0119 z odbytego sta\u017cu\/praktyki oraz umowy cywilno-prawne,\u003C\/li\u003E\n\u003Cli\u003Epodpisane o\u015bwiadczenie o zgodzie na przetwarzanie danych osobowych wraz z klauzul\u0105 informacyjn\u0105,\u003C\/li\u003E\n\u003Cli\u003Epodpisane o\u015bwiadczenie o korzystaniu z pe\u0142ni praw publicznych oraz posiadaniu pe\u0142nej zdolno\u015bci do czynno\u015bci prawnych,\u003C\/li\u003E\n\u003Cli\u003Epodpisane o\u015bwiadczenie o niekaralno\u015bci prawomocnym wyrokiem s\u0105du za umy\u015blne przest\u0119pstwo \u015bcigane z oskar\u017cenia publicznego lub umy\u015blne przest\u0119pstwo skarbowe, lub informacj\u0119 o niekaralno\u015bci z Krajowego Rejestru Karnego opatrzon\u0105 dat\u0105 nie wcze\u015bniejsz\u0105 ni\u017c 6 m-cy przed z\u0142o\u017ceniem, ewentualnie kopi\u0119 tego dokumentu potwierdzon\u0105 przez notariusza lub\u00a0Zesp\u00f3\u0142\u00a0ds.\u00a0Kadr Wojew\u00f3dzkiego Urz\u0119du Pracy w Katowicach,\u003C\/li\u003E\n\u003Cli\u003Ekopie dokument\u00f3w potwierdzaj\u0105cych niepe\u0142nosprawno\u015b\u0107, w przypadku gdy kandydat zamierza skorzysta\u0107 z uprawnie\u0144, o kt\u00f3rych mowa w art. 13a 2 ustawy z dnia 21 listopada 2008 r. o pracownikach samorz\u0105dowych (\u00a0t.j. Dz.\u00a0U.\u00a0z\u00a02024 r., poz. 1135).\u003C\/li\u003E\n\u003C\/ul\u003E\n\u003Cp\u003E\u00a0\u003C\/p\u003E\n\u003Cp\u003EWymagane dokumenty aplikacyjne nale\u017cy sk\u0142ada\u0107 w Kancelarii Wojew\u00f3dzkiego Urz\u0119du Pracy w Katowicach w terminie do dnia \u003Cstrong\u003E29 kwietnia 2026 r. \u003C\/strong\u003Elub przesy\u0142a\u0107 na adres:\u003C\/p\u003E\n\u003Cp\u003E\u00a0\u003C\/p\u003E\n\u003Cp\u003EWojew\u00f3dzki Urz\u0105d Pracy w Katowicach\u003C\/p\u003E\n\u003Cp\u003Eul. Sokolska 29\u003C\/p\u003E\n\u003Cp\u003E40-086 Katowice\u003C\/p\u003E\n\u003Cp\u003E\u00a0\u003C\/p\u003E\n\u003Cp\u003Ez dopiskiem: \u003Cstrong\u003E\u201eKonkurs na stanowisko urz\u0119dnicze \u003C\/strong\u003E-\u003Cstrong\u003E zast\u0119pstwo w Zespole ds. Zam\u00f3wie\u0144 Publicznych wchodz\u0105cym w sk\u0142ad Wydzia\u0142u Obs\u0142ugi Prawnej \u003Cbr \/\u003E i Zam\u00f3wie\u0144 Publicznych\u201d\u003C\/strong\u003E\u003C\/p\u003E\n\u003Cp\u003E\u00a0\u003C\/p\u003E\n\u003Col start=\u00226\u0022\u003E\n\u003Cli\u003E\u003Cstrong\u003E\u003Cem\u003E \u003C\/em\u003E\u003C\/strong\u003EAplikacje, kt\u00f3re wp\u0142yn\u0105 do Wojew\u00f3dzkiego Urz\u0119du Pracy w Katowicach po terminie, nie b\u0119d\u0105 rozpatrywane.\u003C\/li\u003E\n\u003C\/ol\u003E\n\u003Cp\u003E\u003Cu\u003E\u00a0\u003C\/u\u003E\u003C\/p\u003E\n\u003Cp\u003E\u003Cu\u003EInne informacje:\u003C\/u\u003E\u003C\/p\u003E\n\u003Cp\u003ENi\u017cej wymienione dokumenty s\u0105 do pobrania w Biuletynie Informacji Publicznej \u003Cbr \/\u003E lub w Zespole ds. Kadr Wojew\u00f3dzkiego Urz\u0119du Pracy w Katowicach:\u003C\/p\u003E\n\u003Cul\u003E\n\u003Cli\u003Ekwestionariusz osobowy dla osoby ubiegaj\u0105cej si\u0119 o zatrudnienie,\u003C\/li\u003E\n\u003Cli\u003Ewz\u00f3r o\u015bwiadczenia osoby, \u017ce nie by\u0142a karana prawomocnym wyrokiem s\u0105du za umy\u015blne przest\u0119pstwo \u015bcigane z oskar\u017cenia publicznego lub umy\u015blne przest\u0119pstwo skarbowe,\u003C\/li\u003E\n\u003Cli\u003Ewz\u00f3r o\u015bwiadczenia osoby, \u017ce korzysta z pe\u0142ni praw publicznych oraz posiada pe\u0142n\u0105 zdolno\u015b\u0107 do czynno\u015bci prawnych,\u003C\/li\u003E\n\u003Cli\u003Ewz\u00f3r o\u015bwiadczenia o wyra\u017ceniu zgody na przetwarzanie danych osobowych \u2013 klauzula informacyjna,\u003C\/li\u003E\n\u003Cli\u003ERegulamin przeprowadzania naboru na wolne stanowiska urz\u0119dnicze, w tym kierownicze stanowiska urz\u0119dnicze w Wojew\u00f3dzkim Urz\u0119dzie Pracy w Katowicach.\u003C\/li\u003E\n\u003C\/ul\u003E\n\u003Cp\u003E\u00a0\u003C\/p\u003E\n\u003Cp\u003EZ\u0142o\u017conych ofert nie odsy\u0142amy, a nieodebrane po 6-ciu miesi\u0105cach od dnia naboru podlegaj\u0105 zniszczeniu.\u003C\/p\u003E","promotion":false}},{"id":"93bd42ce-7312-11e9-90c1-000c290e6fc2","type":"Gallery","name":"Galeria","description":"Galeria"},{"id":"93bd956b-7312-11e9-90c1-000c290e6fc2","type":"Attachment","name":"Za\u0142\u0105czniki","description":"Za\u0142\u0105czniki do strony"},{"id":"d63e71ef-92cf-11f0-b976-00505697ccff","type":"PageThumbnail","name":"","description":"Miniaturka strony","content":[]}]}