{"id":61,"name":"redakcja-biuletynu","title":"Redakcja Biuletynu","desc":"","header":"Redakcja Biuletynu","lead":"","keywords":"","changes":"Zmiana adresu siedziby WUP","menu":"Redakcja Biuletynu","path":"\/redakcja-biuletynu.html","url":"\/redakcja-biuletynu.html","infoOwner":"Wojew\u00f3dzki Urz\u0105d Pracy w Katowicach","dateFirstPublicate":"2024-10-14 09:21:59","dateLastVersionPublicate":"2026-01-29 12:19:48","dateAvailableFrom":"2025-06-04 09:21:22","dateAvailableTo":"","type":"jednostki_Zwyk\u0142a","pageParams":[],"components":[{"id":"93bb94fe-7312-11e9-90c1-000c290e6fc2","type":"SectionDescription","name":"","description":"Zajawka sekcji","content":[]},{"id":"93bbe8e3-7312-11e9-90c1-000c290e6fc2","type":"PageTitle","name":"Tytu\u0142 strony","description":"Tytu\u0142 strony","content":{"title":"Redakcja Biuletynu"}},{"id":"93bc435c-7312-11e9-90c1-000c290e6fc2","type":"PageDescription","name":"","description":"Zajawka strony","content":[]},{"id":"93bcef8e-7312-11e9-90c1-000c290e6fc2","type":"ContentWYSIWYG","name":"Tre\u015b\u0107","description":"Tre\u015b\u0107 strony","content":{"content":"\u003Cp\u003E\u003Cspan\u003E\u003Cstrong\u003EStron\u0119 Biuletynu Informacji Publicznej redaguj\u0105:\u003C\/strong\u003E\u003C\/span\u003E\u003C\/p\u003E\n\u003Cp\u003E\u003Cspan\u003E\u003Cstrong\u003ESekcja Koordynuj\u0105ca:\u003C\/strong\u003E\u003C\/span\u003E\u003C\/p\u003E\n\u003Cp\u003E\u003Cstrong\u003EZesp\u00f3\u0142 ds. Wsparcia Informatycznego\u003C\/strong\u003E\u003C\/p\u003E\n\u003Cp\u003E\u003Cspan\u003E40-086 Katowice\u003C\/span\u003E\u003C\/p\u003E\n\u003Cp\u003E\u003Cspan\u003Eul. Sokolska 29\u003C\/span\u003E\u003C\/p\u003E\n\u003Cp\u003E\u003Cspan\u003Ee-mail:\u00a0\u003Ca href=\u0022mailto:ami.bip@wup-katowice.pl\u0022 target=\u0022_self\u0022 title=\u0022Adres e-mail\u0022\u003Eami.bip@wup-katowice.pl\u003C\/a\u003E\u003C\/span\u003E\u003C\/p\u003E\n\u003Cp\u003E\u00a0\u003C\/p\u003E\n\u003Cp\u003E\u003Cspan\u003EMalwina Pawlik\u003C\/span\u003E\u003C\/p\u003E\n\u003Cp\u003E\u003Cspan\u003E42-200 Cz\u0119stochowa\u003C\/span\u003E\u003C\/p\u003E\n\u003Cp\u003E\u003Cspan\u003EAl. Niepodleg\u0142o\u015bci 20\/22\u003C\/span\u003E\u003C\/p\u003E\n\u003Cp\u003E\u00a0\u003C\/p\u003E\n\u003Cp\u003E\u003Cspan\u003EDominika Ury\u0107\u003C\/span\u003E\u003C\/p\u003E\n\u003Cp\u003E\u003Cspan\u003E40-086 Katowice\u003C\/span\u003E\u003C\/p\u003E\n\u003Cp\u003E\u003Cspan\u003Eul.\u00a0Sokolska 29\u003C\/span\u003E\u003C\/p\u003E\n\u003Cp\u003E\u00a0\u003C\/p\u003E\n\u003Cp\u003E\u003Cspan\u003EWioletta Pude\u0142ko\u003C\/span\u003E\u003C\/p\u003E\n\u003Cp\u003E\u003Cspan\u003E40-086 Katowice\u003C\/span\u003E\u003C\/p\u003E\n\u003Cp\u003E\u003Cspan\u003Eul.\u00a0Sokolska 29\u003C\/span\u003E\u003C\/p\u003E\n\u003Cp\u003E\u00a0\u003C\/p\u003E\n\u003Cp\u003E\u003Cspan\u003EAnna Kucharska\u003C\/span\u003E\u003C\/p\u003E\n\u003Cp\u003E\u003Cspan\u003E40-086 Katowice\u003C\/span\u003E\u003C\/p\u003E\n\u003Cp\u003E\u003Cspan\u003Eul.\u00a0Sokolska 29\u003C\/span\u003E\u003C\/p\u003E\n\u003Cp\u003E\u00a0\u003C\/p\u003E\n\u003Cp\u003E\u003Cspan\u003E\u003Cstrong\u003ESekcja Merytoryczna:\u003C\/strong\u003E\u003C\/span\u003E\u003C\/p\u003E\n\u003Cp\u003E\u003Cstrong\u003EWydzia\u0142 Obs\u0142ugi Prawnej i Kadr\u003C\/strong\u003E\u003C\/p\u003E\n\u003Cp\u003E\u003Cspan\u003EKarolina Dziechciarz-Nawratel\u003C\/span\u003E\u003C\/p\u003E\n\u003Cp\u003E\u003Cspan\u003E40-086 Katowice\u003C\/span\u003E\u003C\/p\u003E\n\u003Cp\u003E\u003Cspan\u003Eul.\u00a0Sokolska 29\u003C\/span\u003E\u003C\/p\u003E\n\u003Cp\u003E\u003Cspan\u003Ee-mail:\u00a0\u003Ca href=\u0022mailto:kdziechciarz@wup-katowice.pl\u0022 target=\u0022_self\u0022 title=\u0022Adres e-mail\u0022\u003Ekdziechciarz@wup-katowice.pl\u003C\/a\u003E\u003C\/span\u003E\u003C\/p\u003E\n\u003Cp\u003E\u00a0\u003C\/p\u003E\n\u003Cp\u003E\u003Cspan\u003EMateusz Matyja\u003C\/span\u003E\u003C\/p\u003E\n\u003Cp\u003E\u003Cspan\u003E40-086 Katowice\u003C\/span\u003E\u003C\/p\u003E\n\u003Cp\u003E\u003Cspan\u003Eul.\u00a0Sokolska 29\u003C\/span\u003E\u003C\/p\u003E\n\u003Cp\u003E\u003Cspan\u003Ee-mail:\u00a0\u003Ca href=\u0022mailto:mmatyja@wup-katowice.pl\u0022 target=\u0022_self\u0022 title=\u0022Adres e-mail\u0022\u003Emmatyja@wup-katowice.pl\u003C\/a\u003E\u003C\/span\u003E\u003C\/p\u003E\n\u003Cp\u003E\u00a0\u003C\/p\u003E\n\u003Cp\u003E\u003Cspan\u003E\u003Cu\u003EZesp\u00f3\u0142 ds. Kadr i Szkole\u0144\u003C\/u\u003E\u003C\/span\u003E\u003C\/p\u003E\n\u003Cp\u003E\u003Cspan\u003ESonia Zimo\u0144czyk\u003C\/span\u003E\u003C\/p\u003E\n\u003Cp\u003E\u003Cspan\u003E40-086 Katowice\u003C\/span\u003E\u003C\/p\u003E\n\u003Cp\u003E\u003Cspan\u003Eul.\u00a0Sokolska 29\u003C\/span\u003E\u003C\/p\u003E\n\u003Cp\u003E\u003Cspan\u003Ee-mail:\u00a0\u003Ca href=\u0022mailto:szimonczyk@wup-katowice.pl\u0022 target=\u0022_self\u0022 title=\u0022Adres e-mail\u0022\u003Eszimonczyk@wup-katowice.pl\u003C\/a\u003E\u003C\/span\u003E\u003C\/p\u003E\n\u003Cp\u003E\u00a0\u003C\/p\u003E\n\u003Cp\u003E\u003Cspan\u003EAgnieszka Honysz\u003C\/span\u003E\u003C\/p\u003E\n\u003Cp\u003E\u003Cspan\u003E40-086 Katowice\u003C\/span\u003E\u003C\/p\u003E\n\u003Cp\u003E\u003Cspan\u003Eul.\u00a0Sokolska 29\u003C\/span\u003E\u003C\/p\u003E\n\u003Cp\u003E\u003Cspan\u003Ee-mail:\u00a0\u003Ca href=\u0022mailto:ahonysz@wup-katowice.pl\u0022 target=\u0022_self\u0022 title=\u0022Adres e-mail\u0022\u003Eahonysz@wup-katowice.pl\u003C\/a\u003E\u003C\/span\u003E\u003C\/p\u003E\n\u003Cp\u003E\u00a0\u003C\/p\u003E\n\u003Cp\u003E\u003Cspan\u003EBeata Kami\u0144ska\u003C\/span\u003E\u003C\/p\u003E\n\u003Cp\u003E\u003Cspan\u003E40-086 Katowice\u003C\/span\u003E\u003C\/p\u003E\n\u003Cp\u003E\u003Cspan\u003Eul.\u00a0Sokolska 29\u003C\/span\u003E\u003C\/p\u003E\n\u003Cp\u003E\u003Cspan\u003Ee-mail:\u00a0\u003Ca href=\u0022mailto:bkaminska@wup-katowice.pl\u0022 target=\u0022_self\u0022 title=\u0022Adres e-mail\u0022\u003Ebkaminska@wup-katowice.pl\u003C\/a\u003E\u003C\/span\u003E\u003C\/p\u003E\n\u003Cp\u003E\u00a0\u003C\/p\u003E\n\u003Cp\u003E\u003Cspan\u003EMarta Radom\u003C\/span\u003E\u003C\/p\u003E\n\u003Cp\u003E\u003Cspan\u003E40-086 Katowice\u003C\/span\u003E\u003C\/p\u003E\n\u003Cp\u003E\u003Cspan\u003Eul.\u00a0Sokolska 29\u003C\/span\u003E\u003C\/p\u003E\n\u003Cp\u003E\u003Cspan\u003Ee-mail:\u00a0\u003Ca href=\u0022mailto:mradom@wup-katowice.pl\u0022 title=\u0022Adres e-mail\u0022 target=\u0022_self\u0022\u003Emradom@wup-katowice.pl\u003C\/a\u003E\u003C\/span\u003E\u003C\/p\u003E\n\u003Cp\u003E\u00a0\u003C\/p\u003E\n\u003Cp\u003E\u003Cstrong\u003EZesp\u00f3\u0142 ds. Zam\u00f3wie\u0144 Publicznych\u003C\/strong\u003E\u003C\/p\u003E\n\u003Cp\u003E\u003Cspan\u003EJoanna Pierzcha\u0142a\u003C\/span\u003E\u003C\/p\u003E\n\u003Cp\u003E\u003Cspan\u003E40-086 Katowice\u003C\/span\u003E\u003C\/p\u003E\n\u003Cp\u003E\u003Cspan\u003Eul.\u00a0Sokolska 29\u003C\/span\u003E\u003C\/p\u003E\n\u003Cp\u003E\u003Cspan\u003Ee-mail:\u00a0\u003Ca href=\u0022mailto:jpierzchala@wup-katowice.pl\u0022 target=\u0022_self\u0022 title=\u0022Adres e-mail\u0022\u003Ejpierzchala@wup-katowice.pl\u003C\/a\u003E\u003C\/span\u003E\u003C\/p\u003E\n\u003Cp\u003E\u00a0\u003C\/p\u003E\n\u003Cp\u003E\u003Cspan\u003EAnna Galon\u003C\/span\u003E\u003C\/p\u003E\n\u003Cp\u003E\u003Cspan\u003E40-086 Katowice\u003C\/span\u003E\u003C\/p\u003E\n\u003Cp\u003E\u003Cspan\u003Eul.\u00a0Sokolska 29\u003C\/span\u003E\u003C\/p\u003E\n\u003Cp\u003E\u003Cspan\u003Ee-mail:\u00a0\u003Ca href=\u0022mailto:agalon@wup-katowice.pl\u0022 target=\u0022_self\u0022 title=\u0022Adres e-mail\u0022\u003Eagalon@wup-katowice.pl\u003C\/a\u003E\u003C\/span\u003E\u003C\/p\u003E\n\u003Cp\u003E\u00a0\u003C\/p\u003E\n\u003Cp\u003E\u003Cspan\u003EMarta Niedziela-Janik\u003C\/span\u003E\u003C\/p\u003E\n\u003Cp\u003E\u003Cspan\u003E40-086 Katowice\u003C\/span\u003E\u003C\/p\u003E\n\u003Cp\u003E\u003Cspan\u003Eul.\u00a0Sokolska 29\u003C\/span\u003E\u003C\/p\u003E\n\u003Cp\u003E\u003Cspan\u003Ee-mail:\u00a0\u003Ca href=\u0022mailto:mniedziela@wup-katowice.pl\u0022 target=\u0022_self\u0022 title=\u0022Adres e-mail\u0022\u003Emniedziela@wup-katowice.pl\u003C\/a\u003E\u003C\/span\u003E\u003C\/p\u003E\n\u003Cp\u003E\u00a0\u003C\/p\u003E\n\u003Cp\u003E\u003Cspan\u003EGrzegorz Paj\u0105k\u003C\/span\u003E\u003C\/p\u003E\n\u003Cp\u003E\u003Cspan\u003E40-086 Katowice\u003C\/span\u003E\u003C\/p\u003E\n\u003Cp\u003E\u003Cspan\u003Eul.\u00a0Sokolska 29\u003C\/span\u003E\u003C\/p\u003E\n\u003Cp\u003E\u003Cspan\u003Ee-mail:\u00a0\u003Ca href=\u0022mailto:gpajak@wup-katowice.pl\u0022 target=\u0022_self\u0022 title=\u0022Adres e-mail\u0022\u003Egpajak@wup-katowice.pl\u003C\/a\u003E\u003C\/span\u003E\u003C\/p\u003E\n\u003Cp\u003E\u00a0\u003C\/p\u003E\n\u003Cp\u003E\u003Cstrong\u003EZesp\u00f3\u0142 ds. Organizacyjnych\u003C\/strong\u003E\u003C\/p\u003E\n\u003Cp\u003E\u003Cspan\u003EKatarzyna Je\u017cewska\u003C\/span\u003E\u003C\/p\u003E\n\u003Cp\u003E\u003Cspan\u003E40-086 Katowice\u003C\/span\u003E\u003C\/p\u003E\n\u003Cp\u003E\u003Cspan\u003Eul.\u00a0Sokolska 29\u003C\/span\u003E\u003C\/p\u003E\n\u003Cp\u003E\u003Cspan\u003Ee-mail:\u00a0\u003Ca href=\u0022mailto:kjezewska@wup-katowice.pl\u0022 title=\u0022Adres e-mail\u0022 target=\u0022_self\u0022\u003Ekjezewska@wup-katowice.pl\u003C\/a\u003E\u003C\/span\u003E\u003C\/p\u003E\n\u003Cp\u003E\u00a0\u003C\/p\u003E\n\u003Cp\u003E\u003Cspan\u003EBarbara Skucze\u0144\u003C\/span\u003E\u003C\/p\u003E\n\u003Cp\u003E\u003Cspan\u003E40-086 Katowice\u003C\/span\u003E\u003C\/p\u003E\n\u003Cp\u003E\u003Cspan\u003Eul.\u00a0Sokolska 29\u003C\/span\u003E\u003C\/p\u003E\n\u003Cp\u003E\u003Cspan\u003Ee-mail:\u00a0\u003Ca href=\u0022mailto:bskuczen@wup-katowice.pl\u0022 title=\u0022Adres e-mail\u0022 target=\u0022_self\u0022\u003Ebskuczen@wup-katowice.pl\u003C\/a\u003E\u003C\/span\u003E\u003C\/p\u003E\n\u003Cp\u003E\u00a0\u003C\/p\u003E\n\u003Cp\u003E\u003Cstrong\u003EZesp\u00f3\u0142 ds. Administracyjnych\u003C\/strong\u003E\u003C\/p\u003E\n\u003Cp\u003E\u003Cspan\u003EJustyna Gradomska\u003C\/span\u003E\u003C\/p\u003E\n\u003Cp\u003E\u003Cspan\u003E40-086 Katowice\u003C\/span\u003E\u003C\/p\u003E\n\u003Cp\u003E\u003Cspan\u003Eul.\u00a0Sokolska 29\u003C\/span\u003E\u003C\/p\u003E\n\u003Cp\u003E\u003Cspan\u003Ee-mail:\u00a0\u003Ca href=\u0022mailto:jgradomska@wup-katowice.pl\u0022 title=\u0022Adres e-mail\u0022 target=\u0022_self\u0022\u003Ejgradomska@wup-katowice.pl\u003C\/a\u003E\u003C\/span\u003E\u003C\/p\u003E\n\u003Cp\u003E\u00a0\u003C\/p\u003E\n\u003Cp\u003E\u003Cspan\u003ETomasz Jaroszek\u003C\/span\u003E\u003C\/p\u003E\n\u003Cp\u003E\u003Cspan\u003E40-086 Katowice\u003C\/span\u003E\u003C\/p\u003E\n\u003Cp\u003E\u003Cspan\u003Eul.\u00a0Sokolska 29\u003C\/span\u003E\u003C\/p\u003E\n\u003Cp\u003E\u003Cspan\u003Ee-mail:\u00a0\u003Ca href=\u0022mailto:tjaroszek@wup-katowice.pl\u0022 title=\u0022Adres e-mail\u0022 target=\u0022_self\u0022\u003Etjaroszek@wup-katowice.pl\u003C\/a\u003E\u003C\/span\u003E\u003C\/p\u003E\n\u003Cp\u003E\u00a0\u003C\/p\u003E\n\u003Cp\u003E\u003Cstrong\u003EZesp\u00f3\u0142 ds. Po\u015brednictwa Pracy i EURES\u003C\/strong\u003E\u003C\/p\u003E\n\u003Cp\u003E\u003Cspan\u003EKinga \u015aliwa\u003C\/span\u003E\u003C\/p\u003E\n\u003Cp\u003E\u003Cspan\u003E40-086 Katowice\u003C\/span\u003E\u003C\/p\u003E\n\u003Cp\u003E\u003Cspan\u003Eul.\u00a0Sokolska 29\u003C\/span\u003E\u003C\/p\u003E\n\u003Cp\u003E\u003Cspan\u003Ee-mail:\u00a0\u003Ca href=\u0022mailto:ksliwa@wup-katowice.pl\u0022 title=\u0022Adres e-mail\u0022 target=\u0022_self\u0022\u003Eksliwa@wup-katowice.pl\u003C\/a\u003E\u003C\/span\u003E\u003C\/p\u003E\n\u003Cp\u003E\u00a0\u003C\/p\u003E\n\u003Cp\u003E\u003Cstrong\u003EZesp\u00f3\u0142 ds. Koordynacji System\u00f3w Zabezpieczenia Spo\u0142ecznego\u003C\/strong\u003E\u003C\/p\u003E\n\u003Cp\u003E\u003Cspan\u003EJoanna Gw\u00f3\u017ad\u017a\u003C\/span\u003E\u003C\/p\u003E\n\u003Cp\u003E\u003Cspan\u003E40-086 Katowice\u003C\/span\u003E\u003C\/p\u003E\n\u003Cp\u003E\u003Cspan\u003Eul.\u00a0Sokolska 29\u003C\/span\u003E\u003C\/p\u003E\n\u003Cp\u003E\u003Cspan\u003Ee-mail:\u00a0\u003Ca href=\u0022mailto:jgwozdz@wup-katowice.pl\u0022 title=\u0022Adres e-mail\u0022 target=\u0022_self\u0022\u003Ejgwozdz@wup-katowice.pl\u003C\/a\u003E\u003C\/span\u003E\u003C\/p\u003E\n\u003Cp\u003E\u00a0\u003C\/p\u003E\n\u003Cp\u003E\u003Cstrong\u003EZesp\u00f3\u0142 ds. Program\u00f3w i Projekt\u00f3w Rynku Pracy\u003C\/strong\u003E\u003C\/p\u003E\n\u003Cp\u003E\u003Cspan\u003EPawe\u0142 Durleta\u003C\/span\u003E\u003C\/p\u003E\n\u003Cp\u003E\u003Cspan\u003E40-086 Katowice\u003C\/span\u003E\u003C\/p\u003E\n\u003Cp\u003E\u003Cspan\u003Eul.\u00a0Sokolska 29\u003C\/span\u003E\u003C\/p\u003E\n\u003Cp\u003E\u003Cspan\u003Ee-mail:\u00a0\u003Ca href=\u0022mailto:pdurleta@wup-katowice.pl\u0022 target=\u0022_self\u0022 title=\u0022Adres e-mail\u0022\u003Epdurleta@wup-katowice.pl\u003C\/a\u003E\u003C\/span\u003E\u003C\/p\u003E\n\u003Cp\u003E\u00a0\u003C\/p\u003E\n\u003Cp\u003E\u003Cstrong\u003EZesp\u00f3\u0142 ds. Statystyki, Bada\u0144 i Analiz\u003C\/strong\u003E\u003C\/p\u003E\n\u003Cp\u003E\u003Cspan\u003EIzabela Sommer\u003C\/span\u003E\u003C\/p\u003E\n\u003Cp\u003E\u003Cspan\u003E40-086 Katowice\u003C\/span\u003E\u003C\/p\u003E\n\u003Cp\u003E\u003Cspan\u003Eul.\u00a0Sokolska 29\u003C\/span\u003E\u003C\/p\u003E\n\u003Cp\u003E\u003Cspan\u003Ee-mail:\u00a0\u003Ca href=\u0022mailto:isommer@wup-katowice.pl\u0022 target=\u0022_self\u0022 title=\u0022Adres e-mail\u0022\u003Eisommer@wup-katowice.pl\u003C\/a\u003E\u003C\/span\u003E\u003C\/p\u003E\n\u003Cp\u003E\u00a0\u003C\/p\u003E\n\u003Cp\u003E\u003Cspan\u003EKatarzyna Jakubczyk\u003C\/span\u003E\u003C\/p\u003E\n\u003Cp\u003E\u003Cspan\u003E40-086 Katowice\u003C\/span\u003E\u003C\/p\u003E\n\u003Cp\u003E\u003Cspan\u003Eul.\u00a0Sokolska 29\u003C\/span\u003E\u003C\/p\u003E\n\u003Cp\u003E\u003Cspan\u003Ee-mail:\u00a0\u003Ca href=\u0022mailto:kjakubczyk@wup-katowice.pl\u0022 target=\u0022_self\u0022 title=\u0022Adres e-mail\u0022\u003Ekjakubczyk@wup-katowice.pl\u003C\/a\u003E\u003C\/span\u003E\u003C\/p\u003E\n\u003Cp\u003E\u00a0\u003C\/p\u003E\n\u003Cp\u003E\u003Cspan\u003EMarcin Morawiec\u003C\/span\u003E\u003C\/p\u003E\n\u003Cp\u003E\u003Cspan\u003E40-086 Katowice\u003C\/span\u003E\u003C\/p\u003E\n\u003Cp\u003E\u003Cspan\u003Eul.\u00a0Sokolska 29\u003C\/span\u003E\u003C\/p\u003E\n\u003Cp\u003E\u003Cspan\u003Ee-mail:\u00a0\u003Ca href=\u0022mailto:mmorawiec@wup-katowice.pl\u0022 target=\u0022_self\u0022 title=\u0022Adres e-mail\u0022\u003Emmorawiec@wup-katowice.pl\u003C\/a\u003E\u003C\/span\u003E\u003C\/p\u003E\n\u003Cp\u003E\u00a0\u003C\/p\u003E\n\u003Cp\u003E\u003Cstrong\u003ECentrum Informacji i Planowania Kariery Zawodowej\u003C\/strong\u003E\u003C\/p\u003E\n\u003Cp\u003E\u003Cspan\u003EBogdan Wo\u0142owczyk\u003C\/span\u003E\u003C\/p\u003E\n\u003Cp\u003E\u003Cspan\u003E40-086 Katowice\u003C\/span\u003E\u003C\/p\u003E\n\u003Cp\u003E\u003Cspan\u003Eul.\u00a0Sokolska 29\u003C\/span\u003E\u003C\/p\u003E\n\u003Cp\u003E\u003Cspan\u003Ee-mail:\u00a0\u003Ca href=\u0022mailto:bwolowczyk@wup-katowice.pl\u0022 target=\u0022_self\u0022 title=\u0022Adres e-mail\u0022\u003Ebwolowczyk@wup-katowice.pl\u003C\/a\u003E\u003C\/span\u003E\u003C\/p\u003E\n\u003Cp\u003E\u00a0\u003C\/p\u003E\n\u003Cp\u003E\u003Cspan\u003EMagdalena K\u0119pa\u003C\/span\u003E\u003C\/p\u003E\n\u003Cp\u003E\u003Cspan\u003E40-086 Katowice\u003C\/span\u003E\u003C\/p\u003E\n\u003Cp\u003E\u003Cspan\u003Eul.\u00a0Sokolska 29\u003C\/span\u003E\u003C\/p\u003E\n\u003Cp\u003E\u003Cspan\u003Ee-mail:\u00a0\u003Ca href=\u0022mailto:mkepa@wup-katowice.pl\u0022 title=\u0022Adres e-mail\u0022 target=\u0022_self\u0022\u003Emkepa@wup-katowice.pl\u003C\/a\u003E\u003C\/span\u003E\u003C\/p\u003E\n\u003Cp\u003E\u00a0\u003C\/p\u003E\n\u003Cp\u003E\u003Cstrong\u003EWydzia\u0142 Obs\u0142ugi Finansowej\u003C\/strong\u003E\u003C\/p\u003E\n\u003Cp\u003E\u003Cspan\u003EAnna Kopacz\u003C\/span\u003E\u003C\/p\u003E\n\u003Cp\u003E\u003Cspan\u003E40-086 Katowice\u003C\/span\u003E\u003C\/p\u003E\n\u003Cp\u003E\u003Cspan\u003Eul.\u00a0Sokolska 29\u003C\/span\u003E\u003C\/p\u003E\n\u003Cp\u003E\u003Cspan\u003Ee-mail:\u00a0\u003Ca href=\u0022mailto:akopacz@wup-katowice.pl\u0022 target=\u0022_self\u0022 title=\u0022Adres e-mail\u0022\u003Eakopacz@wup-katowice.pl\u003C\/a\u003E\u003C\/span\u003E\u003C\/p\u003E\n\u003Cp\u003E\u00a0\u003C\/p\u003E\n\u003Cp\u003E\u003Cspan\u003ELucyna Kostkiewicz\u003C\/span\u003E\u003C\/p\u003E\n\u003Cp\u003E\u003Cspan\u003E40-086 Katowice\u003C\/span\u003E\u003C\/p\u003E\n\u003Cp\u003E\u003Cspan\u003Eul.\u00a0Sokolska 29\u003C\/span\u003E\u003C\/p\u003E\n\u003Cp\u003E\u003Cspan\u003Ee-mail:\u00a0\u003Ca href=\u0022mailto:lkostkiewicz@wup-katowice.pl\u0022 target=\u0022_self\u0022 title=\u0022Adres e-mail\u0022\u003Elkostkiewicz@wup-katowice.pl\u003C\/a\u003E\u003C\/span\u003E\u003C\/p\u003E\n\u003Cp\u003E\u003Cspan\u003E\u003C\/span\u003E\u003C\/p\u003E\n\u003Cp\u003E\u003Cstrong\u003EWydzia\u0142 Zarz\u0105dzania i Planowania Funduszami Europejskimi\u003C\/strong\u003E\u003C\/p\u003E\n\u003Cp\u003E\u003Cspan\u003EMarlena Wieczorek\u003C\/span\u003E\u003C\/p\u003E\n\u003Cp\u003E\u003Cspan\u003E40-086 Katowice\u003C\/span\u003E\u003C\/p\u003E\n\u003Cp\u003E\u003Cspan\u003Eul.\u00a0Sokolska 29\u003C\/span\u003E\u003C\/p\u003E\n\u003Cp\u003E\u003Cspan\u003Ee-mail:\u00a0\u003Ca href=\u0022mailto:mwieczoreka@wup-katowice.pl\u0022 target=\u0022_self\u0022 title=\u0022Adres e-mail\u0022\u003Emwieczorek@wup-katowice.pl\u003C\/a\u003E\u003C\/span\u003E\u003C\/p\u003E\n\u003Cp\u003E\u00a0\u003C\/p\u003E\n\u003Cp\u003E\u003Cstrong\u003EWydzia\u0142 Kontroli Funduszy Europejskich\u003C\/strong\u003E\u003C\/p\u003E\n\u003Cp\u003E\u003Cspan\u003EAgnieszka Knitter\u003C\/span\u003E\u003C\/p\u003E\n\u003Cp\u003E\u003Cspan\u003E40-086 Katowice\u003C\/span\u003E\u003C\/p\u003E\n\u003Cp\u003E\u003Cspan\u003Eul.\u00a0Sokolska 29\u003C\/span\u003E\u003C\/p\u003E\n\u003Cp\u003E\u003Cspan\u003Ee-mail:\u00a0\u003Ca href=\u0022mailto:aknitter@wup-katowice.pl\u0022 target=\u0022_self\u0022 title=\u0022Adres e-mail\u0022\u003Eaknitter@wup-katowice.pl\u003C\/a\u003E\u003C\/span\u003E\u003C\/p\u003E\n\u003Cp\u003E\u00a0\u003C\/p\u003E\n\u003Cp\u003E\u003Cspan\u003EKamila Rzepka\u003C\/span\u003E\u003C\/p\u003E\n\u003Cp\u003E\u003Cspan\u003E42-200 Cz\u0119stochowa\u003C\/span\u003E\u003C\/p\u003E\n\u003Cp\u003E\u003Cspan\u003Ealeja Niepodleg\u0142o\u015bci 20\/22\u003C\/span\u003E\u003C\/p\u003E\n\u003Cp\u003E\u003Cspan\u003Ee-mail:\u00a0\u003Ca href=\u0022mailto:krzepka@wup-katowice.pl\u0022 target=\u0022_self\u0022 title=\u0022Adres e-mail\u0022\u003Ekrzepka@wup-katowice.pl\u003C\/a\u003E\u003C\/span\u003E\u003C\/p\u003E\n\u003Cp\u003E\u00a0\u003C\/p\u003E\n\u003Cp\u003E\u003Cspan\u003EGrzegorz Koz\u0142owski\u003C\/span\u003E\u003C\/p\u003E\n\u003Cp\u003E\u003Cspan\u003E40-086 Katowice\u003C\/span\u003E\u003C\/p\u003E\n\u003Cp\u003E\u003Cspan\u003Eul.\u00a0Sokolska 29\u003C\/span\u003E\u003C\/p\u003E\n\u003Cp\u003E\u003Cspan\u003Ee-mail:\u00a0\u003Ca href=\u0022mailto:gkozlowski@wup-katowice.pl\u0022 target=\u0022_self\u0022 title=\u0022Adres e-mail\u0022\u003Egkozlowski@wup-katowice.pl\u003C\/a\u003E\u003C\/span\u003E\u003C\/p\u003E\n\u003Cp\u003E\u00a0\u003C\/p\u003E\n\u003Cp\u003E\u003Cstrong\u003EWydzia\u0142 Oceny Projekt\u00f3w Funduszy Europejskich\u003C\/strong\u003E\u003C\/p\u003E\n\u003Cp\u003E\u003Cspan\u003EMi\u0142osz Bujak\u003C\/span\u003E\u003C\/p\u003E\n\u003Cp\u003E\u003Cspan\u003E40-086 Katowice\u003C\/span\u003E\u003C\/p\u003E\n\u003Cp\u003E\u003Cspan\u003Eul.\u00a0Sokolska 29\u003C\/span\u003E\u003C\/p\u003E\n\u003Cp\u003E\u003Cspan\u003Ee-mail:\u00a0\u003Ca href=\u0022mailto:mbujak@wup-katowice.pl\u0022 target=\u0022_self\u0022 title=\u0022Adres e-mail\u0022\u003Embujak@wup-katowice.pl\u003C\/a\u003E\u003C\/span\u003E\u003C\/p\u003E\n\u003Cp\u003E\u00a0\u003C\/p\u003E\n\u003Cp\u003E\u003Cspan\u003EWojciech Kostka\u00a0\u003C\/span\u003E\u003C\/p\u003E\n\u003Cp\u003E\u003Cspan\u003E40-086 Katowice\u003C\/span\u003E\u003C\/p\u003E\n\u003Cp\u003E\u003Cspan\u003Eul.\u00a0Sokolska 29\u003C\/span\u003E\u003C\/p\u003E\n\u003Cp\u003E\u003Cspan\u003Ee-mail:\u00a0\u003Ca href=\u0022mailto:wkostka@wup-katowice.pl\u0022 target=\u0022_self\u0022 title=\u0022Adres e-mail\u0022\u003Ewkostka@wup-katowice.pl\u003C\/a\u003E\u003C\/span\u003E\u003C\/p\u003E\n\u003Cp\u003E\u00a0\u003C\/p\u003E\n\u003Cp\u003E\u003Cstrong\u003EWydzia\u0142 Obs\u0142ugi Projekt\u00f3w Funduszy Europejskich\u003C\/strong\u003E\u003C\/p\u003E\n\u003Cp\u003E\u003Cspan\u003ESylwia Krawczyk-Smag\u00f3r\u003C\/span\u003E\u003C\/p\u003E\n\u003Cp\u003E\u003Cspan\u003E40-086 Katowice\u003C\/span\u003E\u003C\/p\u003E\n\u003Cp\u003E\u003Cspan\u003Eul.\u00a0Sokolska 29\u003C\/span\u003E\u003C\/p\u003E\n\u003Cp\u003E\u003Cspan\u003Ee-mail:\u00a0\u003Ca href=\u0022mailto:skrawczyk@wup-katowice.pl\u0022 target=\u0022_self\u0022 title=\u0022Adres e-mail\u0022\u003Eskrawczyk@wup-katowice.pl\u003C\/a\u003E\u003C\/span\u003E\u003C\/p\u003E\n\u003Cp\u003E\u00a0\u003C\/p\u003E\n\u003Cp\u003E\u003Cspan\u003EMagdalena Wawryka\u003C\/span\u003E\u003C\/p\u003E\n\u003Cp\u003E\u003Cspan\u003E40-086 Katowice\u003C\/span\u003E\u003C\/p\u003E\n\u003Cp\u003E\u003Cspan\u003Eul.\u00a0Sokolska 29\u003C\/span\u003E\u003C\/p\u003E\n\u003Cp\u003E\u003Cspan\u003Ee-mail:\u00a0\u003Ca href=\u0022mailto:mwawryka@wup-katowice.pl\u0022 target=\u0022_self\u0022 title=\u0022Adres e-mail\u0022\u003Emwawryka@wup-katowice.pl\u003C\/a\u003E\u003C\/span\u003E\u003C\/p\u003E\n\u003Cp\u003E\u00a0\u003C\/p\u003E\n\u003Cp\u003E\u003Cspan\u003EMicha\u0142 Zamojski\u003C\/span\u003E\u003C\/p\u003E\n\u003Cp\u003E\u003Cspan\u003E40-086 Katowice\u003C\/span\u003E\u003C\/p\u003E\n\u003Cp\u003E\u003Cspan\u003Eul.\u00a0Sokolska 29\u003C\/span\u003E\u003C\/p\u003E\n\u003Cp\u003E\u003Cspan\u003Ee-mail:\u00a0\u003Ca href=\u0022mailto:mzamojski@wup-katowice.pl\u0022 target=\u0022_self\u0022 title=\u0022Adres e-mail\u0022\u003Emzamojski@wup-katowice.pl\u003C\/a\u003E\u003C\/span\u003E\u003C\/p\u003E\n\u003Cp\u003E\u00a0\u003C\/p\u003E\n\u003Cp\u003E\u003Cspan\u003ESebastian J\u0119dryka\u003C\/span\u003E\u003C\/p\u003E\n\u003Cp\u003E\u003Cspan\u003E40-086 Katowice\u003C\/span\u003E\u003C\/p\u003E\n\u003Cp\u003E\u003Cspan\u003Eul.\u00a0Sokolska 29\u003C\/span\u003E\u003C\/p\u003E\n\u003Cp\u003E\u003Cspan\u003Ee-mail:\u00a0\u003Ca href=\u0022mailto:sjedryka@wup-katowice.pl\u0022 target=\u0022_self\u0022 title=\u0022Adres e-mail\u0022\u003Esjedryka@wup-katowice.pl\u003C\/a\u003E\u003C\/span\u003E\u003C\/p\u003E\n\u003Cp\u003E\u00a0\u003C\/p\u003E\n\u003Cp\u003E\u003Cspan\u003EKatarzyna Zi\u0119ba-Olma\u003C\/span\u003E\u003C\/p\u003E\n\u003Cp\u003E\u003Cspan\u003E40-086 Katowice\u003C\/span\u003E\u003C\/p\u003E\n\u003Cp\u003E\u003Cspan\u003Eul.\u00a0Sokolska 29\u003C\/span\u003E\u003C\/p\u003E\n\u003Cp\u003E\u003Cspan\u003Ee-mail:\u00a0\u003Ca href=\u0022mailto:kzieba@wup-katowice.pl\u0022 target=\u0022_self\u0022 title=\u0022Adres e-mail\u0022\u003Ekzieba@wup-katowice.pl\u003C\/a\u003E\u003C\/span\u003E\u003C\/p\u003E\n\u003Cp\u003E\u00a0\u003C\/p\u003E\n\u003Cp\u003E\u003Cspan\u003EAgnieszka Sikorska-Rdes\u003C\/span\u003E\u003C\/p\u003E\n\u003Cp\u003E\u003Cspan\u003E40-086 Katowice\u003C\/span\u003E\u003C\/p\u003E\n\u003Cp\u003E\u003Cspan\u003Eul.\u00a0Sokolska 29\u003C\/span\u003E\u003C\/p\u003E\n\u003Cp\u003E\u003Cspan\u003Ee-mail:\u00a0\u003Ca href=\u0022mailto:asikorska@wup-katowice.pl\u0022 target=\u0022_self\u0022 title=\u0022Adres e-mail\u0022\u003Easikorska@wup-katowice.pl\u003C\/a\u003E\u003C\/span\u003E\u003C\/p\u003E\n\u003Cp\u003E\u00a0\u003C\/p\u003E\n\u003Cp\u003E\u003Cstrong\u003ESamodzielne Stanowisko ds. Ochrony Danych Osobowych i Kontroli Wewn\u0119trznej\u003C\/strong\u003E\u003C\/p\u003E\n\u003Cp\u003E\u003Cspan\u003EJustyna Nowak\u003C\/span\u003E\u003C\/p\u003E\n\u003Cp\u003E\u003Cspan\u003E40-086 Katowice\u003C\/span\u003E\u003C\/p\u003E\n\u003Cp\u003E\u003Cspan\u003Eul.\u00a0Sokolska 29\u003C\/span\u003E\u003C\/p\u003E\n\u003Cp\u003E\u003Cspan\u003Ee-mail:\u00a0\u003Ca href=\u0022mailto:jnowak@wup-katowice.pl\u0022 target=\u0022_self\u0022 title=\u0022Adres e-mail\u0022\u003Ejnowak@wup-katowice.pl\u003C\/a\u003E\u003C\/span\u003E\u003C\/p\u003E\n\u003Cp\u003E\u00a0\u003C\/p\u003E\n\u003Cp\u003E\u003Cstrong\u003EWydzia\u0142 Funduszu Gwarantowanych \u015awiadcze\u0144 Pracowniczych\u003C\/strong\u003E\u003C\/p\u003E\n\u003Cp\u003E\u003Cspan\u003EKrzysztof Pucha\u0142a\u003C\/span\u003E\u003C\/p\u003E\n\u003Cp\u003E\u003Cspan\u003E42-200 Cz\u0119stochowa\u003C\/span\u003E\u003C\/p\u003E\n\u003Cp\u003E\u003Cspan\u003EAl. Niepodleg\u0142o\u015bci 20\/22\u003C\/span\u003E\u003C\/p\u003E\n\u003Cp\u003E\u003Cspan\u003Ee-mail:\u00a0\u003Ca href=\u0022mailto:kpuchala@wup-katowice.pl\u0022 target=\u0022_self\u0022 title=\u0022Adres e-mail\u0022\u003Ekpuchala@wup-katowice.pl\u003C\/a\u003E\u003C\/span\u003E\u003C\/p\u003E","promotion":false}},{"id":"93bd42ce-7312-11e9-90c1-000c290e6fc2","type":"Gallery","name":"Galeria","description":"Galeria"},{"id":"93bd956b-7312-11e9-90c1-000c290e6fc2","type":"Attachment","name":"Za\u0142\u0105czniki","description":"Za\u0142\u0105czniki do strony"},{"id":"d63e71ef-92cf-11f0-b976-00505697ccff","type":"PageThumbnail","name":"","description":"Miniaturka strony","content":[]}]}